{"id":209,"date":"2018-03-05T14:45:25","date_gmt":"2018-03-05T14:45:25","guid":{"rendered":"http:\/\/nou.reunionesdeestudiosregionales.org\/valencia2018\/es\/?page_id=209"},"modified":"2018-11-07T19:55:54","modified_gmt":"2018-11-07T19:55:54","slug":"transporte-y-alojamiento","status":"publish","type":"page","link":"https:\/\/reunionesdeestudiosregionales.org\/valencia2018\/es\/transporte-y-alojamiento\/","title":{"rendered":"Transporte y alojamiento"},"content":{"rendered":"<p><strong>VIAJES EL CORTE INGL\u00c9S nos ofrecen:<\/strong><\/p>\n<p><a href=\"https:\/\/reunionesdeestudiosregionales.org\/valencia2018\/wp-content\/uploads\/sites\/2\/2018\/10\/Hoteles-Ciencia-Regional-2018-C.pdf\">Listado de hoteles propuestos para el congreso<\/a><\/p>\n<p><a href=\"http:\/\/reunionesdeestudiosregionales.org\/valencia2018\/wp-content\/uploads\/sites\/2\/2018\/10\/Boletin-Alojamiento-edt.pdf\">Bolet\u00edn de Alojamiento<\/a><\/p>\n<p>Remitir a la Secretar\u00eda T\u00e9cnica:<br \/>\ncongresos.valencia@viajeseci.es<br \/>\nVIAJES EL CORTE INGL\u00c9S, S.A. DIVISI\u00d3N MICE<br \/>\nAvda. Pio XII, 51 C.C. Ademuz 4\u00aa planta \u2022 46015 Valencia<br \/>\nT. (+34) 963 107 189<\/p>\n<hr \/>\n<p>RENFE ofrece <strong>un 30% de descuento (en la tarifa flexible) en sus trenes con destino a Val\u00e8ncia <\/strong>a todos los asistentes al XLIV Reuni\u00f3n de Estudios Regionales, Congreso de la Asociaci\u00f3n Espa\u00f1ola de Ciencia Regional.<\/p>\n<p><strong>Para beneficiarse del descuento, deber\u00e1 enviarnos un e-mail a <a href=\"mailto:info@aecr.org\">info@aecr.org<\/a><\/strong> <strong>indic\u00e1ndonos su nombre y apellidos y le enviaremos el bono de descuento en la mayor brevedad posible.<\/strong><\/p>\n<p>Billetes en recorridos nacionales de Ida y\/o Regreso con origen y destino a Valencia con un 30% de descuento. <strong>Periodo de viaje entre el 19 y el 25 de noviembre de 2018.<\/strong><\/p>\n<p>&nbsp;<\/p>\n<p><u>S\u00f3lo se podr\u00e1n<strong> beneficiar de este descuento las personas inscritas al Congreso<\/strong><\/u><strong>.<\/strong><\/p>\n<p><strong><em><br \/>\n\u00bfC\u00f3mo obtener el descuento?<\/em><\/strong><\/p>\n<p>En caso de adquirir el billete en una Agencia de Viajes o en un punto de venta de Renfe, deber\u00e1 <strong>presentar el bono de descuento<\/strong> que le mandaremos una vez recibamos su e-mail.<\/p>\n<p>En caso de adquirir el billete por internet (<a href=\"http:\/\/www.renfe.com\/\">www.renfe.com<\/a>), deber\u00e1 <strong>introducir el N\u00famero de autorizaci\u00f3n <\/strong>(que recibir\u00e1 por e-mail) en el momento de realizar la compra.<\/p>\n<hr \/>\n<p class=\"p1\"><span class=\"s1\">Val\u00e8ncia cuenta con excelentes comunicaciones terrestres y a\u00e9reas que permiten un acceso f\u00e1cil y c\u00f3modo a la ciudad.<\/span><\/p>\n<p class=\"p1\"><span class=\"s1\"><b>COCHE<\/b><\/span><\/p>\n<p class=\"p1\"><span class=\"s1\">Una buena manera de llegar a Val\u00e8ncia es por\u00a0carretera, ya que la capital dispone de una amplia\u00a0infraestructura viaria que incluye un buen n\u00famero de autopistas y autov\u00edas.<\/span><\/p>\n<p class=\"p1\"><span class=\"s1\">Los accesos que unen la ciudad con el resto de Espa\u00f1a:<\/span><\/p>\n<ul class=\"ul1\">\n<li class=\"li1\"><span class=\"s1\">Acceso desde Madrid\/centro de la Pen\u00ednsula: autov\u00eda del Este (A-3).<\/span><\/li>\n<li class=\"li1\"><span class=\"s1\">Acceso desde Barcelona\/noreste de la Pen\u00ednsula: autov\u00eda A-7 (este trayecto incluye peajes).<\/span><\/li>\n<li class=\"li1\"><span class=\"s1\">Acceso desde el norte de Espa\u00f1a: autov\u00eda Mud\u00e9jar (A-23).<\/span><\/li>\n<li class=\"li1\"><span class=\"s1\">Acceso desde el sur\/suroeste de la Pen\u00ednsula: autov\u00eda A-7 para acceder por la costa o la autov\u00eda A-35 si accedes desde Albacete.<\/span><\/li>\n<\/ul>\n<p class=\"p1\"><span class=\"s1\"><b>AVI\u00d3N\u00a0<\/b><\/span><\/p>\n<p class=\"p1\"><span class=\"s1\">El Aeropuerto de Manises (situado a 8 km de la ciudad) est\u00e1 conectado de forma regular con las principales ciudades espa\u00f1olas y europeas. Las principales aerol\u00edneas que operan son Air Nostrum (franquiciada de Iberia Regional), Vueling y Ryanair, todas ellas con base en el propio aeropuerto.<\/span><\/p>\n<p class=\"p1\"><span class=\"s1\">Los destinos nacionales principales a los que se dirigen los vuelos son los aeropuertos de Madrid-Barajas, Palma de Mallorca, Barcelona-El Prado y Sevilla. De forma concreta: <\/span><\/p>\n<p class=\"p1\"><span class=\"s2\">Air Nostrum<\/span><span class=\"s1\">:<\/span><\/p>\n<ul class=\"ul1\">\n<li class=\"li1\"><span class=\"s1\">Nacional: Ibiza, Mallorca, Menorca, Sevilla, M\u00e1laga, Bilbao, Tenerife y Gran Canaria. <\/span><\/li>\n<li class=\"li1\"><span class=\"s1\">Internacional: Par\u00eds, Londres, Italia y Holanda. <\/span><\/li>\n<\/ul>\n<p class=\"p1\"><span class=\"s2\">Ryanair<\/span><span class=\"s1\">: <\/span><\/p>\n<ul class=\"ul1\">\n<li class=\"li1\"><span class=\"s1\">Nacional: Ibiza, Palma, Santiago, Tenerife, Gran Canaria, Lanzarote, Menorca<\/span><\/li>\n<li class=\"li1\"><span class=\"s1\">Internacional: Tur\u00edn, Bolonia, Mil\u00e1n, Pisa, Roma, Trieste, Venecia, Bari, Brusselas, Par\u00eds, Craiova, Porto, Berlin, Dusseldorf, Col\u00f2nia, Frankfurt, Londres, East Midlands, Manchester, Dubl\u00edn, Malta, Varsovia.<\/span><\/li>\n<\/ul>\n<p class=\"p1\"><span class=\"s2\">Vueling<\/span><span class=\"s1\">:<\/span><\/p>\n<ul class=\"ul1\">\n<li class=\"li1\"><span class=\"s1\">Nacional: la Coru\u00f1a, Bilbao, Ibiza, Mallorca, Sevilla y M\u00e1laga<\/span><\/li>\n<li class=\"li1\"><span class=\"s1\">Internacional: Brusselas, Amsterdam, Roma, Alger.<\/span><\/li>\n<\/ul>\n<p class=\"p1\"><span class=\"s1\">Otras aerol\u00edneas que ofrecen sus servicios son en el aeropuerto de Manises son:\u00a0Air Berl\u00edn, Air France, Alitalia, British Airways, Iberia Express, Lufthansa i Turkish Airlines.<\/span><\/p>\n<p class=\"p1\"><span class=\"s1\">El aeropuerto cuenta con conexiones con la ciudad de Val\u00e8ncia y pueblos de alrededor gracias a la oferta de transporte p\u00fablico (taxis, autobuses i metro) y privada (alquiler de veh\u00edculos). Las l\u00edneas de metro que disponen de parada en el aeropuerto de Valencia son la 3 y 5, que a su vez est\u00e1n conectadas con la estaci\u00f3n de tren (RENFE) de forma directa, y con la estaci\u00f3n del AVE mediante transbordo.<\/span><\/p>\n<p class=\"p1\"><span class=\"s1\">Existen otros aeropuertos pr\u00f3ximos a tener en cuenta, como son el aeropuerto de Alicante, (se encuentra a solo 2 horas de Val\u00e8ncia) y el aeropuerto de Castell\u00f3n (a solo 1 hora de Val\u00e8ncia).<\/span><\/p>\n<p class=\"p1\"><span class=\"s1\"><b>TRANSPORTE P\u00daBLICO<\/b><\/span><\/p>\n<ol class=\"ol1\">\n<li class=\"li1\"><span class=\"s1\">Red de metro (Metrovalencia). Dispone de conexi\u00f3n con el aeropuerto de Val\u00e8ncia a trav\u00e9s de las l\u00edneas 3 y 5. Adem\u00e1s, la red de metro conecta los diferentes puntos de la ciudad de manera continua. Puede encontrar informaci\u00f3n de las estaciones de metro, plano de la red, horarios y tarifas en la siguiente p\u00e1gina web: <a href=\"https:\/\/www.metrovalencia.es\/page.php?idioma=_es\"><span class=\"s4\">https:\/\/www.metrovalencia.es\/page.php?idioma=_es<\/span><\/a><\/span><\/li>\n<li class=\"li1\"><span class=\"s1\">Autob\u00fas (EMT). La red de autob\u00fas urbana es otra buena opci\u00f3n para moverse por la ciudad, con una amplia gama de paradas y horarios. Puede encontrar informaci\u00f3n de las paradas de autob\u00fas, plano de la red, horarios y tarifas en la siguiente p\u00e1gina web: <a href=\"https:\/\/www.emtvalencia.es\/ciudadano\/index.php\"><span class=\"s4\">https:\/\/www.emtvalencia.es\/ciudadano\/index.php<\/span><\/a> <\/span><\/li>\n<li class=\"li1\"><span class=\"s1\">Tren (RENFE). La red de cercan\u00edas de RENFE une los diferentes municipios del \u00e1rea metropolitana con la ciudad. Adem\u00e1s, Val\u00e8ncia dispone de estaci\u00f3n de AVE, que permite la conexi\u00f3n r\u00e1pida con otras ciudades de la geograf\u00eda nacional.<\/span><\/li>\n<\/ol>\n<ol class=\"ol1\">\n<li style=\"list-style-type: none\">\n<ol class=\"ol2\">\n<li class=\"li1\"><span class=\"s1\">Estaci\u00f3n del Norte (cercan\u00edas): compuesto por seis l\u00edneas que unen a Val\u00e8ncia con Gand\u00eda, Mogente, Utiel, Xirivella, Caudiel y Castell\u00f3n de la Plana.\u00a0La Estaci\u00f3n del Norte dispone de las siguientes conexiones: Metrovalencia: Estaci\u00f3n X\u00e0tiva (l\u00edneas 3 y 5). Autob\u00fas: l\u00edneas 5, 6, 7, 8, 10, 11, 14, 19, 35, 40 y 63 (paradas pr\u00f3ximas a Plaza del Ayuntamiento). Taxi: parada de Taxis (Radio Taxi Valencia y Tele Taxi Valencia). Est\u00e1 situada en el lateral de la Estaci\u00f3n, saliendo de \u00e9sta por las puertas que est\u00e1n junto a la v\u00eda 6. Tel\u00e9fonos:\u00a0<\/span><span class=\"s4\">+34 963 703 333<\/span><span class=\"s1\">\u00a0y\u00a0<\/span><span class=\"s4\">+34 963 571 313<\/span><\/li>\n<li class=\"li1\"><span class=\"s1\">Estaci\u00f3n Joaqu\u00edn Sorolla (AVE): unen la ciudad con Madrid, Cuenca y Albacete, con una frecuencia de 17 trenes diarios y con una duraci\u00f3n aproximada de trayecto de 1 hora y 30 min. Adem\u00e1s, los trenes Alvia y Euromed (larga distancia) enlazan Valencia con las principales ciudades espa\u00f1olas. La estaci\u00f3n de Joaqu\u00edn Sorolla dispone de las siguientes conexiones: Autob\u00fas (lanzadera): autobuses gratuitos, que con tu billete de tren te acercan a la Estaci\u00f3n del Norte. Metro: Estaci\u00f3n de Jes\u00fas (l\u00edneas 1 y 5). Autob\u00fas: L\u00edneas 9, 10, 27 (parada de San Vicente M\u00e1rtir), 89 y 90 (parada en la Avenida Giorgeta). Taxi: parada de taxis en la puerta de la Estaci\u00f3n.<\/span><\/li>\n<\/ol>\n<\/li>\n<\/ol>\n<p class=\"p4\"><span class=\"s1\">Consejo:<br \/>\nAdquiera la\u00a0<b>VLC Tourist Card\u00a0<\/b>en Tourist Info-Joaqu\u00edn Sorolla y mu\u00e9vete libremente por toda la ciudad sin l\u00edmite de viajes. Tambi\u00e9n ofrece interesantes descuentos en museos, ocio, tiendas, restaurantes\u2026 +Info: en\u00a0<a href=\"http:\/\/www.valenciatouristcard.com\/\"><span class=\"s4\">www.valenciatouristcard.com<\/span><\/a><\/span><\/p>\n<table class=\"t1\" cellspacing=\"0\" cellpadding=\"0\">\n<tbody>\n<tr>\n<td class=\"td1\" colspan=\"2\" valign=\"middle\">\n<p class=\"p6\"><span class=\"s1\">DATOS DE CONTACTO<\/span><\/p>\n<\/td>\n<\/tr>\n<tr>\n<td class=\"td2\" valign=\"middle\">\n<p class=\"p7\"><span class=\"s1\">Aeropuerto de Manises<\/span><\/p>\n<\/td>\n<td class=\"td3\" valign=\"middle\">\n<p class=\"p7\"><span class=\"s1\">Carretera del Aeropuerto , S\/N. 46940, Manises &#8211; Valencia<br \/>\nTel\u00e9fonos: (+34) 91 321 10 00 \/ 902 404 704<br \/>\nE-mail:\u00a0<a href=\"mailto:vlc_informacion@aena.es\"><span class=\"s5\">vlc_informacion@aena.es<\/span><\/a><\/span><\/p>\n<\/td>\n<\/tr>\n<tr>\n<td class=\"td2\" valign=\"middle\">\n<p class=\"p7\"><span class=\"s1\">Metro (Metrovalencia)<\/span><\/p>\n<\/td>\n<td class=\"td3\" valign=\"middle\">\n<p class=\"p7\"><span class=\"s1\">Partida de Xirivelleta, s\/n, 46014 &#8211; Valencia<\/span><\/p>\n<p class=\"p7\"><span class=\"s1\">Tel\u00e9fono de contacto oficinas Valencia: 961 924 000<\/span><\/p>\n<p class=\"p7\"><span class=\"s1\">Tel\u00e9fono de atenci\u00f3n al cliente (gratuito): 900 46 10 46<\/span><\/p>\n<\/td>\n<\/tr>\n<tr>\n<td class=\"td4\" valign=\"middle\">\n<p class=\"p7\"><span class=\"s1\">Autobuses (EMT)<\/span><\/p>\n<\/td>\n<td class=\"td5\" valign=\"middle\">\n<p class=\"p7\"><span class=\"s1\">Pl. Correu Vell, 5, 46001 Valencia<\/span><\/p>\n<p class=\"p7\"><span class=\"s1\">Tel\u00e9fono: 96 315 85 15<\/span><\/p>\n<\/td>\n<\/tr>\n<tr>\n<td class=\"td6\" valign=\"middle\">\n<p class=\"p7\"><span class=\"s1\">Estaci\u00f3n del Norte (RENFE cercan\u00edas)<\/span><\/p>\n<\/td>\n<td class=\"td7\" valign=\"middle\">\n<p class=\"p7\"><span class=\"s1\">Calle X\u00e0tiva, n\u00ba24, 46007 \u2013 Valencia<\/span><\/p>\n<p class=\"p7\"><span class=\"s1\">Tel\u00e9fonos de contacto<\/span><\/p>\n<ul class=\"ul1\">\n<li class=\"li7\"><span class=\"s1\">Informaci\u00f3n de estaciones: 912 432 343<\/span><\/li>\n<li class=\"li7\"><span class=\"s1\">Renfe: 912 320 320<\/span><\/li>\n<li class=\"li7\"><span class=\"s1\">Informaci\u00f3n, reserva, venta, cambio y anulaci\u00f3n de billetes y atenci\u00f3n viajeros con discapacidad: 912 140 505<\/span><\/li>\n<\/ul>\n<\/td>\n<\/tr>\n<tr>\n<td class=\"td8\" valign=\"middle\">\n<p class=\"p7\"><span class=\"s1\">Estaci\u00f3n Joaqu\u00edn Sorolla (AVE)<\/span><\/p>\n<\/td>\n<td class=\"td9\" valign=\"middle\">\n<p class=\"p7\"><span class=\"s1\">C\/ San Vicente Martir, 171, 46007 &#8211; Valencia<\/span><\/p>\n<p class=\"p7\"><span class=\"s1\">Tel\u00e9fonos de contacto<\/span><\/p>\n<ul class=\"ul1\">\n<li class=\"li7\"><span class=\"s1\">Informaci\u00f3n de estaciones: 912 432 343<\/span><\/li>\n<li class=\"li7\"><span class=\"s1\">Renfe: 912 320 320<\/span><\/li>\n<li class=\"li7\"><span class=\"s1\">Informaci\u00f3n, reserva, venta, cambio y anulaci\u00f3n de billetes y atenci\u00f3n viajeros con discapacidad: 912 140 505<\/span><\/li>\n<\/ul>\n<\/td>\n<\/tr>\n<\/tbody>\n<\/table>\n<p><\/p>","protected":false},"excerpt":{"rendered":"<p>VIAJES EL CORTE INGL\u00c9S nos ofrecen: Listado de hoteles propuestos para el congreso Bolet\u00edn de Alojamiento Remitir a la Secretar\u00eda T\u00e9cnica: congresos.valencia@viajeseci.es VIAJES EL CORTE INGL\u00c9S, S.A. DIVISI\u00d3N MICE Avda. Pio XII, 51 C.C. Ademuz 4\u00aa planta \u2022 46015 Valencia T. (+34) 963 107 189 RENFE ofrece un 30% de descuento (en la tarifa flexible) [&hellip;]<\/p>\n","protected":false},"author":1,"featured_media":0,"parent":0,"menu_order":15,"comment_status":"closed","ping_status":"closed","template":"","meta":{"_acf_changed":false,"footnotes":""},"class_list":["post-209","page","type-page","status-publish","hentry"],"acf":[],"_links":{"self":[{"href":"https:\/\/reunionesdeestudiosregionales.org\/valencia2018\/es\/wp-json\/wp\/v2\/pages\/209","targetHints":{"allow":["GET"]}}],"collection":[{"href":"https:\/\/reunionesdeestudiosregionales.org\/valencia2018\/es\/wp-json\/wp\/v2\/pages"}],"about":[{"href":"https:\/\/reunionesdeestudiosregionales.org\/valencia2018\/es\/wp-json\/wp\/v2\/types\/page"}],"author":[{"embeddable":true,"href":"https:\/\/reunionesdeestudiosregionales.org\/valencia2018\/es\/wp-json\/wp\/v2\/users\/1"}],"replies":[{"embeddable":true,"href":"https:\/\/reunionesdeestudiosregionales.org\/valencia2018\/es\/wp-json\/wp\/v2\/comments?post=209"}],"version-history":[{"count":10,"href":"https:\/\/reunionesdeestudiosregionales.org\/valencia2018\/es\/wp-json\/wp\/v2\/pages\/209\/revisions"}],"predecessor-version":[{"id":1652,"href":"https:\/\/reunionesdeestudiosregionales.org\/valencia2018\/es\/wp-json\/wp\/v2\/pages\/209\/revisions\/1652"}],"wp:attachment":[{"href":"https:\/\/reunionesdeestudiosregionales.org\/valencia2018\/es\/wp-json\/wp\/v2\/media?parent=209"}],"curies":[{"name":"wp","href":"https:\/\/api.w.org\/{rel}","templated":true}]}}