{"id":22,"date":"2022-02-18T14:40:46","date_gmt":"2022-02-18T14:40:46","guid":{"rendered":"http:\/\/reunionesdeestudiosregionales.org\/granada2022\/?page_id=22"},"modified":"2024-05-10T08:35:39","modified_gmt":"2024-05-10T08:35:39","slug":"sesiones-especiales","status":"publish","type":"page","link":"https:\/\/reunionesdeestudiosregionales.org\/granada2022\/sesiones-especiales\/","title":{"rendered":"Sesiones Especiales"},"content":{"rendered":"<p><\/p>\n<h1><strong>S01 \u2013 <\/strong><strong>La dimensi\u00f3n regional de la doble transici\u00f3n verde y digital<\/strong><\/h1>\n<p><strong>Organizadores<\/strong>: Javier Barbero and Anabela M. Santos<\/p>\n<p><strong>Sponsor<\/strong>: European Commission, Joint Research Centre (Sevilla, Spain)<\/p>\n<p>La transici\u00f3n hacia una econom\u00eda digital y m\u00e1s verde, la llamada transici\u00f3n doble, constituye una oportunidad y un desaf\u00edo para las econom\u00edas regionales. La transici\u00f3n verde tiene como objetivo reorientar la econom\u00eda y la sociedad hacia una econom\u00eda competitiva y eficiente en el uso de los recursos para enfrentar el desaf\u00edo del cambio clim\u00e1tico. La difusi\u00f3n de las tecnolog\u00edas digitales ofrece una oportunidad para mejorar la eficiencia ambiental y reducir la huella de los procesos de consumo y producci\u00f3n.<\/p>\n<p>Para esta sesi\u00f3n especial, invitamos a los investigadores a enviar trabajos sobre los temas relacionados, entre otros, con:<\/p>\n<ul>\n<li>Los patrones regionales de la transici\u00f3n digital y verde.<\/li>\n<li>Retos y oportunidades econ\u00f3micas y sociales de la transici\u00f3n doble.<\/li>\n<li>El papel de los fondos europeos, el apoyo p\u00fablico, las instituciones y la pol\u00edtica de innovaci\u00f3n para lograr la transici\u00f3n verde y digital.<\/li>\n<\/ul>\n<h1><strong>S02 \u2013 <\/strong><strong>Innovaci\u00f3n, desarrollo territorial y apoyo p\u00fablico<\/strong><\/h1>\n<p><strong>Organizadores: <\/strong>Yevgeniya Shevtsova and Anabela M. Santos<\/p>\n<p><strong>Sponsor: <\/strong>European Commission, Joint Research Centre (Sevilla, Spain)<\/p>\n<p>La innovaci\u00f3n juega un papel clave en el apoyo al crecimiento econ\u00f3mico y al desarrollo territorial. No obstante, la innovaci\u00f3n tiende a concentrarse geogr\u00e1ficamente en algunas regiones. Los factores macroecon\u00f3micos influyen en la probabilidad de innovaci\u00f3n en una regi\u00f3n espec\u00edfica. En forma de subvenciones y subsidios, el apoyo p\u00fablico tiene como objetivo mejorar la innovaci\u00f3n y hacer que suceda en las regiones m\u00e1s rezagadas. Sin embargo, la capacidad para atraer algunos subsidios de I+D, como Horizonte 2020, sigue siendo muy heterog\u00e9nea entre los pa\u00edses y regiones de la UE.<\/p>\n<p>Para esta sesi\u00f3n especial, invitamos a los investigadores a enviar trabajos sobre los temas mencionados anteriormente. Las contribuciones que ayuden a comprender mejor las disparidades regionales entre las regiones de la UE en t\u00e9rminos de su capacidad para innovar y atraer financiaci\u00f3n p\u00fablica para la investigaci\u00f3n y la innovaci\u00f3n son especialmente bienvenidas.<\/p>\n<h1><strong>S03 &#8211; Desaf\u00edos en la construcci\u00f3n de indicadores compuestos para el seguimiento de pol\u00edticas p\u00fablicas<\/strong><\/h1>\n<p><strong>Organizadores<\/strong>:<\/p>\n<p>\u00c1ngeles S\u00e1nchez Dom\u00ednguez (<a href=\"mailto:sancheza@ugr.es\">sancheza@ugr.es<\/a>) &#8211; Profesora Titular del Dpto. Econom\u00eda Aplicada &#8211; Universidad de Granada<\/p>\n<p>Eduardo Jim\u00e9nez Fern\u00e1ndez (<a href=\"mailto:edjimfer@ugr.es\">edjimfer@ugr.es<\/a>) &#8211; Profesor Titular del Dpto. Teor\u00eda e Historia Econ\u00f3mica &#8211; Universidad de Granada<\/p>\n<p><strong>Sponsor: <\/strong>FEDER-Universidad de Granada, proyecto B-SEJ-242-UGR20.<\/p>\n<p>Muchos fen\u00f3menos de inter\u00e9s para las pol\u00edticas p\u00fablicas son de naturaleza multidimensional, lo que genera desaf\u00edos a la hora de analizarlos. La medici\u00f3n de conceptos multidimensionales es fundamental porque permite monitorear su evoluci\u00f3n en el tiempo y facilita las comparaciones entre diferentes unidades. Por ejemplo, la pobreza, el desarrollo socioecon\u00f3mico, la calidad de vida o el logro tecnol\u00f3gico son conceptos multidimensionales que interesan a investigadores y hacedores de pol\u00edticas, no solo para describir la situaci\u00f3n de una unidad (familia, empresa, regi\u00f3n, pa\u00eds, etc.) \u00a0en un momento concreto, sino tambi\u00e9n para medir si esta situaci\u00f3n ha mejorado o empeorado con el tiempo. La forma habitual de medir cuantitativamente estas realidades es a trav\u00e9s de la recopilaci\u00f3n de varios indicadores \u00fanicos que son informativos sobre las distintas dimensiones que componen el fen\u00f3meno a estudiar.<\/p>\n<p>Contrariamente a esta opci\u00f3n, la tendencia es luego sintetizarlos en un indicador compuesto que sea m\u00e1s f\u00e1cil de interpretar, comparar y comunicar. En este sentido, los indicadores compuestos son cada vez m\u00e1s aceptados como una herramienta \u00fatil para el an\u00e1lisis y para orientar las pol\u00edticas p\u00fablicas y empresariales. Sin embargo, la construcci\u00f3n de indicadores compuestos no es simple y no existe un &#8220;mejor&#8221; m\u00e9todo universalmente aceptado para esto. En este sentido, varios aspectos interconectados han llamado la atenci\u00f3n en la literatura de indicadores compuestos: la asignaci\u00f3n de pesos entre los indicadores individuales, el tratamiento de la redundancia de informaci\u00f3n o el m\u00e9todo para agregar los indicadores individuales en un solo valor.<\/p>\n<p>Esta sesi\u00f3n especial invita a investigaciones que aborden diversos aspectos asociados a la construcci\u00f3n de indicadores compuestos y sus aplicaciones en el seguimiento de pol\u00edticas p\u00fablicas en cualquier \u00e1mbito, como los Objetivos de Desarrollo Sostenible de la ONU, la Cohesi\u00f3n Social Europea, la pobreza, la econom\u00eda de la salud, la econom\u00eda ambiental, la gesti\u00f3n, etc. Son bienvenidos tanto estudios aplicados como metodol\u00f3gicos centrados en una amplia gama de t\u00e9cnicas (m\u00e9tricas fuzzy, machine learning, m\u00e9todos de distancia, enfoque multicriterio, etc.).<\/p>\n<h1><strong>S04 &#8211; Disparidades regionales en Europa y en Espa\u00f1a desde 2007 hasta la fecha. Evoluci\u00f3n, causas y perspectivas<\/strong><\/h1>\n<p><strong>Coordinador: <\/strong>Juan R. Cuadrado Roura<\/p>\n<p><strong>Planteamiento:<\/strong><\/p>\n<p>La gran crisis iniciada en 2007-08 tuvo ya efectos dispares en la evoluci\u00f3n de las diferencias interregionales en Espa\u00f1a y en bastantes pa\u00edses europeos. Dichos efectos fueron, sin embargo, bastante heterog\u00e9neos, con regiones muy afectadas y otras s\u00f3lo ligeramente. La resiliencia de algunas regiones fue muy notable, pero las disparidades interregionales \u2013 desde el punto de vista social y econ\u00f3mico \u2013 volvieron a crecer en bastantes pa\u00edses. La pandemia COVID-19 ha tenido tambi\u00e9n efectos claros, aunque diferentes, a nivel regional; principalmente en funci\u00f3n de las diferencias que existen en sus estructuras productivas. Finalmente, la fase de postpandemia en la que estamos ha incorporado nuevas tendencias y cambios que pueden producir efectos singulares en la din\u00e1mica econ\u00f3mica de muchas regiones (desarrollo de nuevas tecnolog\u00edas; procesos de desglobalizaci\u00f3n; demanda de nuevos empleos especializados; problemas y\/o ventajas energ\u00e9ticas, etc.).<\/p>\n<p>Se aceptar\u00e1n para esta sesi\u00f3n especial los \u2018papers\u2019 que se centren en lo que se acaba de describir, bien sea desde una \u00f3ptica general (Europa; o bien una comparativa entre varios pa\u00edses) o bien ce\u00f1idos al caso de Espa\u00f1a. El enfoque puede ser: o bien analizar la evoluci\u00f3n desde una \u00f3ptica general (convergencia\/divergencia); o bien, centr\u00e1ndose en aspectos m\u00e1s concretos (desarrollos tecnol\u00f3gicos en curso; empleo; relocalizaci\u00f3n de empresas; capacidad emprendedora; evaluaci\u00f3n de algunas pol\u00edticas; etc.). Se valorar\u00e1 la aplicaci\u00f3n de m\u00e9todos novedosos de an\u00e1lisis y de proyecci\u00f3n de tendencias.<\/p>\n<p>El prop\u00f3sito es organizar un m\u00ednimo dos sesiones paralelas sobre estos temas y que las aportaciones permitan, a trav\u00e9s de un proceso de revisi\u00f3n, producir un <strong>volumen monogr\u00e1fico<\/strong> de una revista acad\u00e9mica, <strong>o<\/strong> bien, eventualmente, <strong>un libro<\/strong>.<\/p>\n<h1><strong>S05 &#8211; Desigualdades espaciales y territorios en riesgo de despoblaci\u00f3n<\/strong><\/h1>\n<p><strong>Organizadores<\/strong>:<\/p>\n<p>Luisa Alam\u00e1, Vicente Bud\u00ed, Miguel \u00c1ngel M\u00e1rquez y Emili Tortosa<\/p>\n<p>En los \u00faltimos a\u00f1os, la despoblaci\u00f3n y los territorios \u201colvidados\u201d se han convertido en un tema central dentro del \u00e1mbito de la econom\u00eda regional. El inter\u00e9s creciente por las din\u00e1micas poblacionales y las desigualdades territoriales obedece fundamentalmente a la necesidad de dise\u00f1ar pol\u00edticas que permitan corregir las tendencias existentes en la actualidad. As\u00ed, una cuesti\u00f3n a considerar es hasta qu\u00e9 punto las pol\u00edticas aplicadas a estos territorios pueden contribuir a modificar estas din\u00e1micas y restablecer los equilibrios poblacionales de modo que se reduzca el riesgo de despoblaci\u00f3n. En la mayor\u00eda de las regiones afectadas por estos procesos, el riesgo de despoblaci\u00f3n se ve agravado (y\/o encuentra su origen) por la presencia de desigualdades socioecon\u00f3micas. En este contexto, la poblaci\u00f3n y el empleo se convierten en variables clave sobre las que redefinir los modelos de an\u00e1lisis para adaptarlos a un territorio heterog\u00e9neo, tanto desde una vertiente espacial como sectorial. El objetivo de esta sesi\u00f3n es permitir la puesta en com\u00fan de trabajos que aborden tanto an\u00e1lisis descriptivos como enfoques modelizadores que ayuden a identificar y\/o analizar los factores determinantes de la desigualdad regional y\/o del riesgo de despoblaci\u00f3n.<\/p>\n<h1><strong>S06 \u2013 Inteligencia artificial, industrias creativas y rob\u00f3tica<\/strong><\/h1>\n<p><strong>Coordinador:<\/strong> Rafael Boix<\/p>\n<p>Esta sesi\u00f3n est\u00e1 orientada a discutir tres de las transformaciones tecnol\u00f3gicas m\u00e1s importantes en la actualidad y su relaci\u00f3n con la ciencia regional y el territorio: la inteligencia artificial, las industrias creativas y la rob\u00f3tica. Estas tres transformaciones est\u00e1n afectando la vida cotidiana de las personas, sus empleos, salarios, cualificaciones, ocio, vida personal y familiar, e incluso la sostenibilidad de nuestras formas de vida. De forma aislada o conjunta, van a marcar la evoluci\u00f3n de los territorios en la primera mitad del siglo XXI.<\/p>\n<p>Invitamos a presentar aquellos art\u00edculos que relacionen el territorio con alguna de estas transformaciones por separado o en conjunto, sean de naturaleza te\u00f3rica o aplicada. Muchos \u00e1nimos y nos vemos en Granada!!!<\/p>\n<h1><strong>S07 &#8211; Nuevos enfoques en geograf\u00eda econ\u00f3mica hist\u00f3rica de Espa\u00f1a<\/strong><\/h1>\n<p><strong>Coordinadores<\/strong><\/p>\n<p>Daniel A. Tirado Fabregat (Universitat de Val\u00e8ncia)<\/p>\n<p>Pau Insa-S\u00e1nchez (Universitat de Val\u00e8ncia)<\/p>\n<p><strong>Resumen<\/strong><\/p>\n<p>En los \u00faltimos a\u00f1os, una corriente de literatura cada vez m\u00e1s influyente ha enfatizado la necesidad de comprender las ra\u00edces hist\u00f3ricas de las trayectorias de desarrollo econ\u00f3mico. Espec\u00edficamente, las fuentes del crecimiento econ\u00f3mico pueden entenderse mejor si se considera un \u201can\u00e1lisis hist\u00f3rico de las razones del relativo \u00e9xito o fracaso de diferentes regiones en diferentes contextos nacionales y\/o supranacionales\u201d (Mart\u00ed-Henneberg y Tirado, 2018). Desde este punto de vista, la geograf\u00eda econ\u00f3mica hist\u00f3rica se convierte en una disciplina de referencia a la hora de mejorar nuestra comprensi\u00f3n del camino de desarrollo que nos ha llevado hasta el presente, al mismo tiempo que permite una mejor formulaci\u00f3n de pol\u00edticas p\u00fablicas para enfrentar los problemas de nuestro tiempo.<\/p>\n<p>Esta sesi\u00f3n especial pretende reunir a investigadores que trabajan en temas relacionados con la geograf\u00eda humana de Espa\u00f1a en perspectiva hist\u00f3rica, independientemente del enfoque tem\u00e1tico o cronol\u00f3gico. El objetivo es compartir las preguntas y metodolog\u00edas m\u00e1s recientes que buscan comprender mejor las interacciones entre poblaci\u00f3n, actividad econ\u00f3mica y desarrollo en la historia reciente de Espa\u00f1a.<\/p>\n<h1><strong>S08 &#8211; La Riqueza de los Municipios<\/strong><\/h1>\n<p><strong>Organizadores<\/strong>:<\/p>\n<p>Ignacio Cazcarro (<a href=\"mailto:icazcarr@unizar.es\">icazcarr@unizar.es<\/a>) \u2013ARAID (Aragonese Agency for Research and Development). IA2- Dpto. Econ\u00f3mico\u2013 Univ. de Zaragoza<\/p>\n<p>Ana Serrano Gonz\u00e1lez (<a href=\"mailto:asergon@unizar.es\">asergon@unizar.es<\/a>) \u2013 Profesora Titular del Dpto. Econ\u00f3mico\u2013 Univ. de Zaragoza<\/p>\n<p>Miguel Mart\u00edn-Retortillo (miguel.martinr@uah.es)\u2013 Profesor Contratado Doctor. Dep. Econom\u00eda, Facultad de Econom\u00eda, Empresa y Turismo, Univ. de Alcal\u00e1.<\/p>\n<p><strong>Sponsor:\u00a0<\/strong>Ram\u00f3n Areces Foundation project grant (Call 2021).<\/p>\n<p><strong>Planteamiento:<\/strong><\/p>\n<p>Si \u201cla riqueza de las regiones\u201d constituye un instrumento de comunicaci\u00f3n e intercambio de ideas con la sociedad de la AECR, una de las unidades m\u00e1s peque\u00f1as, pero a la vez m\u00e1s significativas de an\u00e1lisis para los territorios, como son los municipios, constituyen una rica fuente de an\u00e1lisis. Especialmente esto es patente a la hora de entender de forma interdisciplinar fen\u00f3menos econ\u00f3micos, sociales y pol\u00edticos, en los intentos por entender diferencias en estas 3 dimensiones entre municipios seg\u00fan sus caracter\u00edsticas, entre lo urbano y rural (por atender a la llamada \u201cEspa\u00f1a vaciada\u201d), los retos demogr\u00e1ficos, en el desarrollo, frente al cambio clim\u00e1tico, las relaciones de dependencia entre territorios, los efectos de las actividades humanas, etc.<\/p>\n<p>Esto se est\u00e1 viendo metodol\u00f3gicamente desde muchos campos. E.g. desde el an\u00e1lisis input-output se est\u00e1 moviendo hacia la desagregaci\u00f3n de informaci\u00f3n para obtener resultados relevantes a partir de Censos a este nivel. La econometr\u00eda espacial est\u00e1 incorporando dependencias con matrices de pesos en estos niveles. Desde la historia econ\u00f3mica, se buscan entender los factores de desarrollo municipal, tambi\u00e9n para comprender mejor lo que puede ser esperable en el futuro y para entender c\u00f3mo hemos llegado hasta las diferencias actuales. Todav\u00eda en ocasiones la falta de bases de datos coherentes, consistentes, unificadas, y especialmente en perspectiva de medio y largo plazo han limitado el desarrollo de m\u00e1s an\u00e1lisis a este nivel. Existen desarrollos actualmente para superar algunas de estas carencias, mientras que otros estudios, por su casu\u00edstica, ejemplifican problemas y soluciones para mejorar la comprensi\u00f3n de estos fen\u00f3menos.<\/p>\n<p>Esta sesi\u00f3n especial invita a enviar investigaciones que aborden diversos aspectos asociados con el an\u00e1lisis socioecon\u00f3mico y ambiental de los municipios, incluido el desarrollo de bases de datos, m\u00e9todos adecuados para su an\u00e1lisis (e.g. comparativo) y estudios aplicados. Ello nos permitir\u00e1 entender mejor los or\u00edgenes, desarrollo y tendencias actuales del desarrollo de los municipios.<\/p>\n<p>El prop\u00f3sito es organizar como m\u00ednimo una sesi\u00f3n, pero si hay suficientes comunicaciones se solicitar\u00e1 desarrollar varias sesiones, probablemente en torno a diferentes focos espaciales, temporales, metodol\u00f3gicos o aplicados. Los organizadores buscan tambi\u00e9n que las aportaciones permitan producir un\u00a0volumen monogr\u00e1fico\u00a0(<em>special issue<\/em>) de una revista acad\u00e9mica (o\u00a0en su defecto\u00a0un libro compendiando los art\u00edculos).<\/p>\n<h1><strong>S09 &#8211; El turismo como fen\u00f3meno de desarrollo territorial desde una perspectiva empresarial<\/strong><\/h1>\n<p><strong>Coordinadores\/as: <\/strong>\u00c1ngela Mart\u00ednez P\u00e9rez y Job Rodrigo Alarc\u00f3n.<\/p>\n<p><strong>Sponsor:<\/strong> Universidad de Castilla-La Mancha, ayuda PID2020-117398GB-I00, financiada por MCIN\/AEI\/ 10.13039\/501100011033.<\/p>\n<p>El turismo se ha considerado un sector estrat\u00e9gico, capaz de dinamizar la econom\u00eda como resultado de la fuerte interrelaci\u00f3n que se produce entre diferentes actividades, as\u00ed como por su relevancia en t\u00e9rminos de valor agregado y empleo. En las \u00faltimas d\u00e9cadas, los destinos tur\u00edsticos han sido estudiados desde diferentes disciplinas, como la geograf\u00eda, la antropolog\u00eda y la sociolog\u00eda, encontr\u00e1ndose cada vez un inter\u00e9s mayor por analizar este fen\u00f3meno desde las disciplinas del <em>management<\/em> y el <em>marketing<\/em>.<\/p>\n<p>La experiencia tur\u00edstica en un destino viene marcada por el conjunto de servicios y productos consumidos durante la estancia en un \u00e1rea geogr\u00e1fica delimitada. Este hecho fomenta la cooperaci\u00f3n entre empresas ubicadas dentro del destino, al compartir el objetivo com\u00fan de lograr una experiencia tur\u00edstica completa por parte de los visitantes. El incremento en la competencia entre diversos destinos tur\u00edsticos con el objetivo de atraer viajeros para ofrecer una experiencia de viaje completa, promueve el desarrollo de innovaciones por parte de las empresas de estos destinos para obtener ventajas competitivas sostenibles. Adem\u00e1s, el entorno hipercompetitivo en el que operan las empresas tur\u00edsticas exige un comportamiento diferenciado e innovador. Esta orientaci\u00f3n cobra a\u00fan m\u00e1s peso si cabe en la industria tur\u00edstica tras la crisis sanitaria de la COVID-19, al ponerse de manifiesto la fuerte dependencia territorial de la misma.<\/p>\n<p>Por tanto, esta sesi\u00f3n aspira a convertirse en un punto de encuentro de investigadores cuyo objeto de estudio es el turismo desde una perspectiva empresarial, independientemente del enfoque utilizado, con el fin de generar sinergias que permitan ahondar en la comprensi\u00f3n del fen\u00f3meno territorial tur\u00edstico.<\/p>\n<h1><strong>S10 &#8211; Vino, rutas enol\u00f3gicas y patrimonio: Tres recursos b\u00e1sicos para promover el desarrollo territorial<\/strong><\/h1>\n<p><strong>Coordinadores<\/strong>:<\/p>\n<p>Bartolom\u00e9 Marco-Lajara (bartolome.marco@ua.es), Catedr\u00e1tico de Universidad, Universidad de Alicante (Espa\u00f1a).<\/p>\n<p>Patrocinio Zaragoza-S\u00e1ez (patrocinio.zaragoza@ua.es), Catedr\u00e1tica de Universidad, Universidad de Alicante (Espa\u00f1a).<\/p>\n<p>Javier Mart\u00ednez-Falc\u00f3 (javier.falco@ua.es), Profesor Ayudante, Universidad de Alicante (Espa\u00f1a).<\/p>\n<p>La b\u00fasqueda de la calidad de los vinos en un mercado cada vez m\u00e1s competitivo y globalizado es un objetivo compartido por todas las regiones vin\u00edcolas del mundo. En este contexto, el af\u00e1n por innovar y ofrecer al consumidor productos complementarios al propio vino ha llevado a la creaci\u00f3n de una amplia oferta enotur\u00edstica, articulada en muchas ocasiones en torno a las denominadas rutas enol\u00f3gicas. Asimismo, el patrimonio ha adquirido un protagonismo destacado en la econo\u00adm\u00eda de los espacios rurales, en particular el vinculado con la vid, pues encarna una forma singular de trabajar el territorio, cuyo resultado es un rico legado que ahora tambi\u00e9n es revalorizado por su riqueza emotiva, identitaria, ambiental y recreativa. La sesi\u00f3n tiene como finalidad, por tanto, abordar el papel de la industria vin\u00edcola en el desarrollo econ\u00f3mico y social de las regiones en las que se localiza su actividad, as\u00ed como reflexionar sobre la incorporaci\u00f3n del enoturismo y el patrimonio cultural a la oferta vin\u00edcola al representar dos recursos fundamentales para la supervivencia y el adecuado desarrollo del sector.<\/p>\n<h1><strong>S11 &#8211; Catalizadores y consecuencias \u201cno intencionales\u201d de la innovaci\u00f3n<\/strong><\/h1>\n<p><strong>Organizan<\/strong>:<\/p>\n<p>Tania Fern\u00e1ndez Garc\u00eda (Universidad de Oviedo)<\/p>\n<p>Diana Guti\u00e9rrez Posada (Universidad de Oviedo)<\/p>\n<p>Fernando Rubiera Moroll\u00f3n (Universidad de Oviedo)<\/p>\n<p><strong>Abstract<\/strong>:<\/p>\n<p>Existe una l\u00ednea de investigaci\u00f3n s\u00f3lida centrada en los v\u00ednculos entre la innovaci\u00f3n y sus beneficios potenciales en las econom\u00edas nacionales, regionales y locales, as\u00ed como sobre sus resultados a nivel individual o empresarial. Sin embargo, los mecanismos detr\u00e1s de los impactos de la innovaci\u00f3n sobre la econom\u00eda siguen siendo una cuesti\u00f3n de inter\u00e9s dada su relaci\u00f3n con el conocimiento y la generaci\u00f3n efectos indirectos, lo que da lugar a una serie de matices y complejidades. Por ejemplo, no todos los lugares tienen la capacidad de absorci\u00f3n necesaria para beneficiarse de la innovaci\u00f3n debido a sus propias condiciones socioecon\u00f3micas. En este contexto, las estrategias de especializaci\u00f3n inteligente juegan un papel crucial al propiciar que los territorios utilicen los recursos invertidos de una manera m\u00e1s eficiente, adapt\u00e1ndose a las circunstancias propias. Lo mismo sucede a nivel de empresa: no todas las empresas pueden procesar e integrar las innovaciones en su \u00e1rea de la misma forma, dadas sus caracter\u00edsticas.<\/p>\n<p>Esta sesi\u00f3n especial tiene como objetivo reunir investigaciones interdisciplinares sobre los catalizadores que afectan la relaci\u00f3n entre la innovaci\u00f3n y el desempe\u00f1o econ\u00f3mico a nivel regional e individual\/empresarial. Adem\u00e1s, se propone discutir las consecuencias no deseadas de la innovaci\u00f3n y las herramientas de pol\u00edtica para gestionarlas. Algunos de los temas de particular inter\u00e9s incluyen:<\/p>\n<ul>\n<li>Actividades innovadoras y desarrollo empresarial.<\/li>\n<li>Agentes\/factores de la capacidad de absorci\u00f3n de la innovaci\u00f3n a nivel regional\/empresarial.<\/li>\n<li>Estrategias de especializaci\u00f3n inteligente relacionadas con innovaci\u00f3n.<\/li>\n<li>Innovaci\u00f3n, sostenibilidad y desigualdad.<\/li>\n<\/ul>\n<h1><strong>S12 &#8211; Clu<\/strong><strong>sters y sostenibilidad en tiempos de COVID-19<\/strong><\/h1>\n<p><strong>Coordinadoras: <\/strong><\/p>\n<p>Teresa Mart\u00ednez Fern\u00e1ndez &#8211; Universitat Jaume I, Castell\u00f3 (Spain)<\/p>\n<p>Gloria Parra Requena &#8211; University of Castilla-La Mancha (Spain)<\/p>\n<p>Teresa Vallet Bellmunt &#8211; Universitat Jaume I, Castell\u00f3 (Spain)<\/p>\n<p><strong>Resumen:<\/strong><\/p>\n<p>Desde la aparici\u00f3n del conocido Informe Brundtland en 1987, la sostenibilidad ha adquirido un papel vital para la actividad econ\u00f3mica y social en todo el mundo. As\u00ed, en estas \u00faltimas d\u00e9cadas se ha producido una creciente preocupaci\u00f3n social, institucional y cient\u00edfica por el impacto de la actividad humana en la sostenibilidad de los ecosistemas, demandando un desarrollo sostenible. Pero \u00bfc\u00f3mo alcanzar un desarrollo sostenible? Muchos de los retos actuales a los que se enfrenta la sociedad s\u00f3lo se pueden resolver desde una perspectiva global en t\u00e9rminos de sostenibilidad. Se trata de una apuesta por el progreso social, un equilibrio medioambiental y el crecimiento econ\u00f3mico.<\/p>\n<p>Las empresas, como actores centrales de la econom\u00eda, tienen un papel dual en el desarrollo sostenible al ser, por un lado, generadoras de problemas de sostenibilidad y, por otro, esenciales para lograr entornos medioambientales, sociales y econ\u00f3micos m\u00e1s competitivos y sostenibles (Baumgartner y Rauter, 2017). Desde este enfoque, se exige a las empresas implantar posturas sostenibles para compatibilizar su competitividad con su compromiso con la soluci\u00f3n de los problemas naturales y sociales generados por la actividad econ\u00f3mica (Kiron et al., 2017). Sin embargo, la potencialidad de las empresas ara contribuir a alcanzar los Objetivos de Desarrollos Sostenibles (ODS) se ha visto gravemente amenazada por la crisis del COVID-19.<\/p>\n<p>En este marco, la sostenibilidad se ha convertido en los \u00faltimos a\u00f1os en una perspectiva importante dentro del campo organizativo (Amui et al., 2017) y, particularmente, en la estrategia empresarial. Acad\u00e9micamente, la relaci\u00f3n empresa-sostenibilidad ha sido analizada desde diversos enfoques te\u00f3ricos, entre los que destacan: 1) la responsabilidad social corporativa (RSC) y 2) la sostenibilidad corporativa (SC). Recientemente, siguiendo los fundamentos de estos enfoques, aparece el concepto de la orientaci\u00f3n a la sostenibilidad (OS), como una postura estrat\u00e9gica proactiva, que permitir\u00e1 a las empresas afrontar un proceso dr\u00e1stico de transformaci\u00f3n empresarial para impulsar proactivamente la sostenibilidad empresarial en tiempos de pandemia, integrando preocupaciones, comportamientos y pr\u00e1cticas de sostenibilidad en las que se equilibran intereses econ\u00f3micos, medioambientales y sociales (Khizar et al., 2021). Asimismo, otro t\u00f3pico es la orientaci\u00f3n emprendedora a la sostenibilidad (OES) con el objetivo de analizar c\u00f3mo las empresas detectan y aprovechan oportunidades vinculadas con el desarrollo sostenible (Mart\u00ednez et al., 2015; Criado-Gomis et al., 2020).<\/p>\n<p>Por otro lado, el entorno actual est\u00e1 siendo impredecible, con disrupciones por el lado de la oferta (crisis de suministros, crisis energ\u00e9tica), aumento de los precios, crisis sanitarias, crisis humanitarias, etc., que ya empiezan a afectar a la demanda. Las empresas del cluster pueden tener un nivel de resiliencia superior a las empresas no aglomeradas (Dai et al, 2021) , por lo que se est\u00e1n demandando investigaciones que aborden c\u00f3mo ha afectado a las empresas pertenecientes a los clusters, la perturbaci\u00f3n provocada por la pandemia de COVID-19 en la econom\u00eda mundial de la circulaci\u00f3n del capital, la mano de obra y las mercanc\u00edas a lo largo de las cadenas de suministro, y c\u00f3mo a\u00fanan sostenibilidad y resiliencia en entornos turbulentos.<\/p>\n<p>Bajo estas premisas, nos centramos en aquellas aglomeraciones territoriales generadoras de econom\u00edas o ventajas para las empresas y organizaciones all\u00ed localizadas. Actualmente, podemos observar c\u00f3mo la sostenibilidad en estos clusters\/distritos despierta una gran preocupaci\u00f3n acad\u00e9mica, social y pol\u00edtica. As\u00ed, en la literatura de clusters se demandan nuevos enfoques para abordar la competitividad y la sostenibilidad de las aglomeraciones territoriales (D\u00edez-Vial y Montoro-S\u00e1nchez, 2017).<\/p>\n<p>Por tanto, el objetivo de esta sesi\u00f3n especial es recoger las contribuciones m\u00e1s recientes en el campo de la sostenibilidad y su relaci\u00f3n con el territorio desde una perspectiva estrat\u00e9gica. Los t\u00f3picos en los que se basa este sesi\u00f3n incluyen los siguientes, a modo de ejemplo, pero no se limitan \u00fanicamente a ellos.<\/p>\n<p style=\"padding-left: 40px;\">a) Elementos clave de la orientaci\u00f3n hacia la sostenibilidad de las empresas concentradas territorialmente.<\/p>\n<p style=\"padding-left: 40px;\">b) Causas de la innovaci\u00f3n sostenible y su impacto en el territorio.<\/p>\n<p style=\"padding-left: 40px;\">c) Avances e investigaciones en materia de emprendimiento e innovaci\u00f3n para el desarrollo sostenible en un entorno de clusters.<\/p>\n<p style=\"padding-left: 40px;\">d) Influencia del territorio en la consecuci\u00f3n de los ODS.<\/p>\n<p style=\"padding-left: 40px;\">e) Papel de los diversos actores territoriales en el desarrollo sostenible.<\/p>\n<p style=\"padding-left: 40px;\">f) La innovaci\u00f3n en el cluster como catalizador de la sostenibilidad \/ Agenda 2030.<\/p>\n<p style=\"padding-left: 40px;\">g) Resiliencia y sostenibilidad en el cluster<\/p>\n<h1><strong>S13 &#8211; Cadenas de aprovisionamiento y movilidad de la poblaci\u00f3n en la Comunitat Valenciana<\/strong><\/h1>\n<p><strong>Coordinadoras<\/strong>: Paloma Taltavull (UA) y Mar\u00eda Feo (UV)<\/p>\n<p><strong>Promotor<\/strong>: C\u00e1tedra de Transformaci\u00f3n del Modelo Econ\u00f3mico Valenciano (UA)<\/p>\n<p><strong>Resumen<\/strong>:<\/p>\n<p>Los efectos de la crisis financiera y la reciente guerra de Ucrania, han desestabilizado las cadenas de suministro mundial obligando a las econom\u00edas avanzadas a desarrollar alternativas estrat\u00e9gicas para mantener el aprovisionamiento. La vulnerabilidad en la econom\u00eda valenciana de las empresas fuertemente abiertas al exterior es una cuesti\u00f3n de gran relevancia que se aborda a trav\u00e9s de los resultados de la investigaci\u00f3n en este \u00e1rea.<\/p>\n<p>Adicionalmente, los efectos econ\u00f3micos del desarrollo de \u00e1reas de actividad productiva generan din\u00e1micas dentro de la Comunitat que modifican los flujos de movilidad de la poblaci\u00f3n. De hecho, las razones de la movilidad permanente no son conocidas en profundidad y la evidencia emp\u00edrica reciente muestra una direcci\u00f3n de los flujos que potencia la descentralizaci\u00f3n. Este fen\u00f3meno es el contrario al de la \u2018despoblaci\u00f3n\u2019 y est\u00e1 siendo estudiado por los investigadores de la C\u00e1tedra.<\/p>\n<p>Esta sesi\u00f3n tiene como objetivo mostrar las investigaciones relativas a la evoluci\u00f3n de la conectividad y movilidad entre centros de actividad productiva y su relaci\u00f3n con el crecimiento de las \u00e1reas urbanas. Se presentan las investigaciones realizadas en el seno de la C\u00e1tedra de Transformaci\u00f3n del Modelo Econ\u00f3mico, tanto en la UA como en otras de la Comunitat Valenciana. La sesi\u00f3n est\u00e1 abierta a otras experiencias similares, con el fin de establecer un debate y el intercambio de conocimiento relativo a ambas \u00e1reas de investigaci\u00f3n.<\/p>\n<h1><strong>S14 &#8211; Generaci\u00f3n de escenarios prospectivos en la Nueva Ruralidad<\/strong><\/h1>\n<p>Coordinadores: Pablo Lara &#8211; UOC Antonia Ferrer-UPV<\/p>\n<p>Esta sesi\u00f3n se centra en los estudios sobre el futuro para plantear retos\/soluciones aplicadas a la nueva ruralidad. Para ello diferentes expertos analizan la evoluci\u00f3n, impacto y comportamiento de las tendencias en escenarios futuros de la nueva ruralidad. Los trabajos est\u00e1n centrados en establecer los principales cambios disruptivos en el mundo del turismo rural, agricultura y ganader\u00eda. El objetivo de la mesa es responder a la necesidad\u00a0de detectar oportunidades basadas en escenarios de futuro con el objeto de discutir una oferta de servicios y productos relevantes que se ajusten a los retos planteados por la nueva ruralidad.<\/p>\n<h1><strong>S15 &#8211; An\u00e1lisis input-output y medio ambiente. Teor\u00eda y aplicaciones<\/strong><\/h1>\n<p>Coordinadora: Carmen Ramos<\/p>\n<p>En lo \u00faltimos a\u00f1os estamos asistiendo a numerosas crisis sociales, sanitarias y clim\u00e1ticas que est\u00e1n generando, o podr\u00e1n generar en el futuro, fuertes cambios en nuestra forma de vida. En este sentido, podemos referirnos a los efectos, que ha tenido y a\u00fan tiene, la pandemia en nuestra sociedad y a todos los aspectos referentes al cambio clim\u00e1tico y que tanto preocupan a nivel mundial.<\/p>\n<p>El an\u00e1lisis input-output permite abordar, desde una \u00f3ptica tanto te\u00f3rica como aplicada, el impacto de este tipo de \u201cfen\u00f3menos naturales\u201d en la econom\u00eda y en la sociedad donde tienen lugar. El estudio de dichos impactos permite un mayor conocimiento de estos problemas, adem\u00e1s de proporcionar, por una parte, una perspectiva de la situaci\u00f3n real m\u00e1s clara y, por otra, una visi\u00f3n de hacia d\u00f3nde puede ir su abordaje y tratamiento.<\/p>\n<p>Esta sesi\u00f3n pretende ser foro de discusi\u00f3n y reflexi\u00f3n de las \u00faltimas investigaciones (te\u00f3ricas o aplicadas) en el an\u00e1lisis input-output y su perspectiva medioambiental, as\u00ed como ser el germen de nuevas investigaciones en este campo.<\/p>\n<h1><strong>S16 &#8211; Perspectivas espaciales en econom\u00eda de la cultura<\/strong><\/h1>\n<p>Coordinador: Luis C\u00e9sar Herrero-Prieto. Universidad de Valladolid<\/p>\n<p><strong>Planteamiento<\/strong><\/p>\n<p>La econom\u00eda de la cultura, entendida como el an\u00e1lisis econ\u00f3mico de la producci\u00f3n, el consumo y la provisi\u00f3n de bienes culturales, constituye un \u00e1rea de estudio reconocida (JEL Z11), a la vez que un campo excelente para el an\u00e1lisis te\u00f3rico y la verificaci\u00f3n emp\u00edrica en econom\u00eda. Todas las actividades culturales, tanto las presentes como las acumuladas (patrimonio hist\u00f3rico) tienen indudablemente una dimensi\u00f3n territorial, en un doble sentido: el espacio act\u00faa como elemento de interacci\u00f3n y acumulaci\u00f3n de actividades culturales y creativas, mientras que la cultura contribuye a la identidad de las regiones y probablemente a su perfil de competitividad y posibilidades de desarrollo econ\u00f3mico a medio y largo plazo. Sobre la base de esta hip\u00f3tesis, se ha desarrollado un campo muy prol\u00edfico en torno al an\u00e1lisis de localizaci\u00f3n del sector cultural y creativo, as\u00ed como su contribuci\u00f3n al crecimiento econ\u00f3mico regional. Tambi\u00e9n en relaci\u00f3n a los estudios de dimensi\u00f3n del sector y del impacto econ\u00f3mico regional y urbano de determinadas actividades, eventos e instituciones culturales. No obstante, las posibilidades de estudios de dimensi\u00f3n espacial no se agotan aqu\u00ed, sino que se abren l\u00edneas de trabajo como los an\u00e1lisis de desigualdad en las pautas de consumo cultural, la evaluaci\u00f3n de instituciones y provisi\u00f3n de servicios culturales desde una perspectiva regional, la construcci\u00f3n de indicadores culturales con especificaci\u00f3n territorial, o la evaluaci\u00f3n de elementos de capital cultural, material e inmaterial, y su impacto espacial.<\/p>\n<p>El prop\u00f3sito de esta secci\u00f3n especial es realizar una llamada a investigadores, acad\u00e9micos y j\u00f3venes investigadores, que deseen presentar y discutir sus trabajos en el \u00e1mbito del an\u00e1lisis econ\u00f3mico de bienes, mercados y actividades culturales en el m\u00e1s amplio sentido, bajo la \u00f3ptica com\u00fan de la dimensi\u00f3n espacial de la investigaci\u00f3n o de sus resultados.<\/p>","protected":false},"excerpt":{"rendered":"<p>S01 \u2013 La dimensi\u00f3n regional de la doble transici\u00f3n verde y digital Organizadores: Javier Barbero and Anabela M. Santos Sponsor: European Commission, Joint Research Centre (Sevilla, Spain) La transici\u00f3n hacia una econom\u00eda digital y m\u00e1s verde, la llamada transici\u00f3n doble, constituye una oportunidad y un desaf\u00edo para las econom\u00edas regionales. La transici\u00f3n verde tiene como [&hellip;]<\/p>\n","protected":false},"author":6,"featured_media":0,"parent":0,"menu_order":7,"comment_status":"closed","ping_status":"closed","template":"","meta":{"_acf_changed":false,"footnotes":""},"class_list":["post-22","page","type-page","status-publish","hentry"],"acf":[],"_links":{"self":[{"href":"https:\/\/reunionesdeestudiosregionales.org\/granada2022\/wp-json\/wp\/v2\/pages\/22","targetHints":{"allow":["GET"]}}],"collection":[{"href":"https:\/\/reunionesdeestudiosregionales.org\/granada2022\/wp-json\/wp\/v2\/pages"}],"about":[{"href":"https:\/\/reunionesdeestudiosregionales.org\/granada2022\/wp-json\/wp\/v2\/types\/page"}],"author":[{"embeddable":true,"href":"https:\/\/reunionesdeestudiosregionales.org\/granada2022\/wp-json\/wp\/v2\/users\/6"}],"replies":[{"embeddable":true,"href":"https:\/\/reunionesdeestudiosregionales.org\/granada2022\/wp-json\/wp\/v2\/comments?post=22"}],"version-history":[{"count":54,"href":"https:\/\/reunionesdeestudiosregionales.org\/granada2022\/wp-json\/wp\/v2\/pages\/22\/revisions"}],"predecessor-version":[{"id":1828,"href":"https:\/\/reunionesdeestudiosregionales.org\/granada2022\/wp-json\/wp\/v2\/pages\/22\/revisions\/1828"}],"wp:attachment":[{"href":"https:\/\/reunionesdeestudiosregionales.org\/granada2022\/wp-json\/wp\/v2\/media?parent=22"}],"curies":[{"name":"wp","href":"https:\/\/api.w.org\/{rel}","templated":true}]}}